{"id":4498,"date":"2025-02-05T07:24:16","date_gmt":"2025-02-05T07:24:16","guid":{"rendered":"https:\/\/conferences.dataxis.com\/?page_id=4498"},"modified":"2025-02-13T16:19:32","modified_gmt":"2025-02-13T16:19:32","slug":"contact-us","status":"publish","type":"page","link":"https:\/\/conferences.dataxis.com\/es\/retech-days-mexico\/contact-us\/","title":{"rendered":"Cont\u00e1ctenos"},"content":{"rendered":"\n<h3 class=\"wp-block-heading\">Cont\u00e1ctenos \u2013 NXT Media Days M\u00e9xico<\/h3>\n\n\n\n<p>\u00bfTienes preguntas sobre NXT Media Days M\u00e9xico? \u00a1Estamos aqu\u00ed para ayudarte! Ya sea que necesites informaci\u00f3n sobre patrocinio, asociaciones con medios, la agenda, oportunidades para hablar o detalles generales del evento, nuestro equipo est\u00e1 listo para asistirte. Cont\u00e1ctenos<\/p>\n\n\n\n<h3 class=\"wp-block-heading\">C\u00f3mo Podemos Ayudarte<\/h3>\n\n\n\n<p>Queremos que tu experiencia en NXT Media Days M\u00e9xico sea fluida y productiva. Por eso, ofrecemos soporte en:<\/p>\n\n\n\n<ul class=\"wp-block-list\">\n<li><strong>Informaci\u00f3n General del Evento<\/strong> \u2013 Encuentra detalles sobre fechas, ubicaci\u00f3n, registro y log\u00edstica.<\/li>\n\n\n\n<li><strong>Agenda y Sesiones<\/strong> \u2013 Conoce los temas clave, paneles de discusi\u00f3n y ponentes destacados.<\/li>\n\n\n\n<li><strong>Oportunidades de Patrocinio y Branding<\/strong> \u2013 Descubre c\u00f3mo destacar tu marca y conectarte con l\u00edderes de la industria.<\/li>\n\n\n\n<li><strong>Oportunidades para Ponentes<\/strong> \u2013 Aprende c\u00f3mo postularte como orador o panelista en el evento.<\/li>\n\n\n\n<li><strong>Asociaciones con Medios y Prensa<\/strong> \u2013 Solicita acreditaciones de prensa o colabora con nosotros en la cobertura medi\u00e1tica.<\/li>\n\n\n\n<li><strong>Networking e Informaci\u00f3n para Expositores<\/strong> \u2013 Explora formas de interactuar con tomadores de decisiones y presentar tus productos o servicios.<\/li>\n<\/ul>\n\n\n\n<h3 class=\"wp-block-heading\">Cont\u00e1ctenos<\/h3>\n\n\n\n<p>Te invitamos a comunicarte con nosotros ante cualquier pregunta. Adem\u00e1s, nuestro equipo estar\u00e1 encantado de guiarte en tus opciones de participaci\u00f3n. Ya sea que asistas, expongas, patrocines o cubras el evento, te brindaremos el apoyo necesario.<\/p>\n\n\n\n<p><strong>\u00a1Cont\u00e1ctenos!<\/strong><\/p>\n\n\n\n<p>\ud83c\udf0d Visita nuestro sitio web: <a href=\"https:\/\/conferences.dataxis.com\/\">https:\/\/conferences.dataxis.com\/<\/a><br>\ud83d\udcf1 S\u00edguenos en redes sociales: <a href=\"https:\/\/fr.linkedin.com\/company\/dataxis\">https:\/\/fr.linkedin.com\/company\/dataxis<\/a><\/p>\n\n\n\n<hr class=\"wp-block-separator has-alpha-channel-opacity\"\/>\n\n\n\n<h3 class=\"wp-block-heading\">NXT Media Days: Innovando el Futuro de los Medios y la Publicidad<\/h3>\n\n\n\n<p>NXT Media Days es un evento de primer nivel que impulsa la innovaci\u00f3n y la colaboraci\u00f3n en las industrias de medios y publicidad. Al reunir tres grandes eventos\u2014<strong>Nextv Series, CTV Ad Days y Commerce Media Days<\/strong>\u2014ofrecemos una plataforma donde los profesionales del sector pueden explorar tendencias, compartir conocimientos y desarrollar estrategias. Nuestro objetivo es proporcionar informaci\u00f3n clave, ayudar a los participantes a anticiparse a los cambios y dar forma al futuro de los medios.<\/p>\n\n\n\n<hr class=\"wp-block-separator has-alpha-channel-opacity\"\/>\n\n\n\n<h3 class=\"wp-block-heading\"><strong>Nextv Series: Explorando el Futuro de la TV y el Streaming<\/strong><\/h3>\n\n\n\n<p>Nextv Series re\u00fane a l\u00edderes de la televisi\u00f3n, el streaming y el entretenimiento. Conecta a actores digitales, proveedores tecnol\u00f3gicos y creadores de contenido para debatir sobre el futuro de la televisi\u00f3n y las plataformas de streaming. Los asistentes analizar\u00e1n desaf\u00edos y soluciones en toda la industria. Con la presencia de l\u00edderes del mercado global y Dataxis, el evento aborda la gran pregunta: <strong>\u00ab\u00bfQu\u00e9 sigue?\u00bb<\/strong><\/p>\n\n\n\n<p>Esta es tu oportunidad de explorar el cambiante panorama de los medios. A trav\u00e9s de sesiones interactivas, obtendr\u00e1s nuevas perspectivas sobre c\u00f3mo navegar los retos y oportunidades del sector del streaming.<\/p>\n\n\n\n<hr class=\"wp-block-separator has-alpha-channel-opacity\"\/>\n\n\n\n<h3 class=\"wp-block-heading\"><strong>CTV Ad Days: Revolucionando la Publicidad en TV y OTT<\/strong><\/h3>\n\n\n\n<p>CTV Ad Days ofrece un espacio para que marcas, agencias de medios, operadores y proveedores de tecnolog\u00eda intercambien ideas. Su enfoque est\u00e1 en la optimizaci\u00f3n de la publicidad en plataformas de TV y OTT. Los asistentes aprender\u00e1n a aprovechar estrategias publicitarias program\u00e1ticas, direccionables y televisivas.<\/p>\n\n\n\n<p>Con el r\u00e1pido avance de la tecnolog\u00eda publicitaria, es crucial mantenerse actualizado. Este evento proporciona una visi\u00f3n integral de las \u00faltimas innovaciones. Descubrir\u00e1s nuevas formas de atraer audiencias y optimizar tus estrategias publicitarias.<\/p>\n\n\n\n<hr class=\"wp-block-separator has-alpha-channel-opacity\"\/>\n\n\n\n<h3 class=\"wp-block-heading\"><strong>Commerce Media Days: El Futuro de la Publicidad en el Comercio Digital<\/strong><\/h3>\n\n\n\n<p>Commerce Media Days destaca el r\u00e1pido crecimiento de la publicidad en el comercio digital. El evento abarca una amplia gama de temas, desde el comercio en l\u00ednea hasta la publicidad en Digital Out-of-Home (DOOH). L\u00edderes del sector compartir\u00e1n soluciones innovadoras para adelantarse a las tendencias y mejorar el engagement.<\/p>\n\n\n\n<p>Se presentar\u00e1 c\u00f3mo los nuevos productos publicitarios est\u00e1n transformando el recorrido del cliente. Al explorar estas estrategias innovadoras, aprender\u00e1s c\u00f3mo aumentar las tasas de conversi\u00f3n en los canales digitales y mantenerte competitivo en un mundo digitalizado.<\/p>\n\n\n\n<hr class=\"wp-block-separator has-alpha-channel-opacity\"\/>\n\n\n\n<h3 class=\"wp-block-heading\"><strong>Con\u00e9ctate, Aprende y Da Forma al Futuro \u2013 Cont\u00e1ctenos<\/strong><\/h3>\n\n\n\n<p>NXT Media Days ofrece un espacio colaborativo para profesionales de medios y publicidad. Ya seas un l\u00edder de marca, un innovador tecnol\u00f3gico o un experto del sector, este evento es tu oportunidad para conectarte con actores clave. Obtendr\u00e1s informaci\u00f3n valiosa que te ayudar\u00e1 a mantenerte competitivo y a impulsar el futuro de los medios y la publicidad. <a href=\"https:\/\/www.linkedin.com\/showcase\/retech-days-mexico\/\">https:\/\/www.linkedin.com\/showcase\/retech-days-mexico\/<\/a><\/p>\n\n\n\n<p><\/p>\n","protected":false},"excerpt":{"rendered":"<p>Cont\u00e1ctenos \u2013 NXT Media Days M\u00e9xico \u00bfTienes preguntas sobre NXT Media Days M\u00e9xico? \u00a1Estamos aqu\u00ed para ayudarte! Ya sea que necesites informaci\u00f3n sobre patrocinio, asociaciones con medios, la agenda, oportunidades para hablar o detalles generales del evento, nuestro equipo est\u00e1 listo para asistirte. Cont\u00e1ctenos C\u00f3mo Podemos Ayudarte Queremos que tu experiencia en NXT Media Days [&hellip;]<\/p>\n","protected":false},"author":2,"featured_media":0,"parent":3955,"menu_order":0,"comment_status":"closed","ping_status":"closed","template":"page-templates\/template-Contact-us.php","meta":{"_acf_changed":false,"footnotes":""},"class_list":["post-4498","page","type-page","status-publish","hentry"],"acf":[],"yoast_head":"<!-- This site is optimized with the Yoast SEO plugin v26.6 - https:\/\/yoast.com\/wordpress\/plugins\/seo\/ -->\n<title>Cont\u00e1ctenos - conferences dataxis<\/title>\n<meta name=\"description\" content=\"Obt\u00e9n detalles del evento, informaci\u00f3n sobre patrocinio, oportunidades para ponentes y m\u00e1s en NXT Media Days M\u00e9xico. Cont\u00e1ctenos\" \/>\n<meta name=\"robots\" content=\"index, follow, max-snippet:-1, max-image-preview:large, max-video-preview:-1\" \/>\n<link rel=\"canonical\" href=\"https:\/\/conferences.dataxis.com\/es\/retech-days-mexico\/contact-us\/\" \/>\n<meta property=\"og:locale\" content=\"es_ES\" \/>\n<meta property=\"og:type\" content=\"article\" \/>\n<meta property=\"og:title\" content=\"Cont\u00e1ctenos - conferences dataxis\" \/>\n<meta property=\"og:description\" content=\"Obt\u00e9n detalles del evento, informaci\u00f3n sobre patrocinio, oportunidades para ponentes y m\u00e1s en NXT Media Days M\u00e9xico. Cont\u00e1ctenos\" \/>\n<meta property=\"og:url\" content=\"https:\/\/conferences.dataxis.com\/es\/retech-days-mexico\/contact-us\/\" \/>\n<meta property=\"og:site_name\" content=\"conferences dataxis\" \/>\n<meta property=\"article:modified_time\" content=\"2025-02-13T16:19:32+00:00\" \/>\n<meta name=\"twitter:card\" content=\"summary_large_image\" \/>\n<meta name=\"twitter:label1\" content=\"Tiempo de lectura\" \/>\n\t<meta name=\"twitter:data1\" content=\"3 minutos\" \/>\n<script type=\"application\/ld+json\" class=\"yoast-schema-graph\">{\"@context\":\"https:\/\/schema.org\",\"@graph\":[{\"@type\":\"WebPage\",\"@id\":\"https:\/\/conferences.dataxis.com\/es\/retech-days-mexico\/contact-us\/\",\"url\":\"https:\/\/conferences.dataxis.com\/es\/retech-days-mexico\/contact-us\/\",\"name\":\"Cont\u00e1ctenos - conferences dataxis\",\"isPartOf\":{\"@id\":\"https:\/\/conferences.dataxis.com\/es\/#website\"},\"datePublished\":\"2025-02-05T07:24:16+00:00\",\"dateModified\":\"2025-02-13T16:19:32+00:00\",\"description\":\"Obt\u00e9n detalles del evento, informaci\u00f3n sobre patrocinio, oportunidades para ponentes y m\u00e1s en NXT Media Days M\u00e9xico. Cont\u00e1ctenos\",\"breadcrumb\":{\"@id\":\"https:\/\/conferences.dataxis.com\/es\/retech-days-mexico\/contact-us\/#breadcrumb\"},\"inLanguage\":\"es\",\"potentialAction\":[{\"@type\":\"ReadAction\",\"target\":[\"https:\/\/conferences.dataxis.com\/es\/retech-days-mexico\/contact-us\/\"]}]},{\"@type\":\"BreadcrumbList\",\"@id\":\"https:\/\/conferences.dataxis.com\/es\/retech-days-mexico\/contact-us\/#breadcrumb\",\"itemListElement\":[{\"@type\":\"ListItem\",\"position\":1,\"name\":\"Home\",\"item\":\"https:\/\/conferences.dataxis.com\/es\/\"},{\"@type\":\"ListItem\",\"position\":2,\"name\":\"Retech Days Mexico\",\"item\":\"https:\/\/conferences.dataxis.com\/es\/?page_id=2660\"},{\"@type\":\"ListItem\",\"position\":3,\"name\":\"Cont\u00e1ctenos\"}]},{\"@type\":\"WebSite\",\"@id\":\"https:\/\/conferences.dataxis.com\/es\/#website\",\"url\":\"https:\/\/conferences.dataxis.com\/es\/\",\"name\":\"conferences dataxis\",\"description\":\"\",\"potentialAction\":[{\"@type\":\"SearchAction\",\"target\":{\"@type\":\"EntryPoint\",\"urlTemplate\":\"https:\/\/conferences.dataxis.com\/es\/?s={search_term_string}\"},\"query-input\":{\"@type\":\"PropertyValueSpecification\",\"valueRequired\":true,\"valueName\":\"search_term_string\"}}],\"inLanguage\":\"es\"}]}<\/script>\n<!-- \/ Yoast SEO plugin. -->","yoast_head_json":{"title":"Cont\u00e1ctenos - conferences dataxis","description":"Obt\u00e9n detalles del evento, informaci\u00f3n sobre patrocinio, oportunidades para ponentes y m\u00e1s en NXT Media Days M\u00e9xico. Cont\u00e1ctenos","robots":{"index":"index","follow":"follow","max-snippet":"max-snippet:-1","max-image-preview":"max-image-preview:large","max-video-preview":"max-video-preview:-1"},"canonical":"https:\/\/conferences.dataxis.com\/es\/retech-days-mexico\/contact-us\/","og_locale":"es_ES","og_type":"article","og_title":"Cont\u00e1ctenos - conferences dataxis","og_description":"Obt\u00e9n detalles del evento, informaci\u00f3n sobre patrocinio, oportunidades para ponentes y m\u00e1s en NXT Media Days M\u00e9xico. Cont\u00e1ctenos","og_url":"https:\/\/conferences.dataxis.com\/es\/retech-days-mexico\/contact-us\/","og_site_name":"conferences dataxis","article_modified_time":"2025-02-13T16:19:32+00:00","twitter_card":"summary_large_image","twitter_misc":{"Tiempo de lectura":"3 minutos"},"schema":{"@context":"https:\/\/schema.org","@graph":[{"@type":"WebPage","@id":"https:\/\/conferences.dataxis.com\/es\/retech-days-mexico\/contact-us\/","url":"https:\/\/conferences.dataxis.com\/es\/retech-days-mexico\/contact-us\/","name":"Cont\u00e1ctenos - conferences dataxis","isPartOf":{"@id":"https:\/\/conferences.dataxis.com\/es\/#website"},"datePublished":"2025-02-05T07:24:16+00:00","dateModified":"2025-02-13T16:19:32+00:00","description":"Obt\u00e9n detalles del evento, informaci\u00f3n sobre patrocinio, oportunidades para ponentes y m\u00e1s en NXT Media Days M\u00e9xico. Cont\u00e1ctenos","breadcrumb":{"@id":"https:\/\/conferences.dataxis.com\/es\/retech-days-mexico\/contact-us\/#breadcrumb"},"inLanguage":"es","potentialAction":[{"@type":"ReadAction","target":["https:\/\/conferences.dataxis.com\/es\/retech-days-mexico\/contact-us\/"]}]},{"@type":"BreadcrumbList","@id":"https:\/\/conferences.dataxis.com\/es\/retech-days-mexico\/contact-us\/#breadcrumb","itemListElement":[{"@type":"ListItem","position":1,"name":"Home","item":"https:\/\/conferences.dataxis.com\/es\/"},{"@type":"ListItem","position":2,"name":"Retech Days Mexico","item":"https:\/\/conferences.dataxis.com\/es\/?page_id=2660"},{"@type":"ListItem","position":3,"name":"Cont\u00e1ctenos"}]},{"@type":"WebSite","@id":"https:\/\/conferences.dataxis.com\/es\/#website","url":"https:\/\/conferences.dataxis.com\/es\/","name":"conferences dataxis","description":"","potentialAction":[{"@type":"SearchAction","target":{"@type":"EntryPoint","urlTemplate":"https:\/\/conferences.dataxis.com\/es\/?s={search_term_string}"},"query-input":{"@type":"PropertyValueSpecification","valueRequired":true,"valueName":"search_term_string"}}],"inLanguage":"es"}]}},"_links":{"self":[{"href":"https:\/\/conferences.dataxis.com\/es\/wp-json\/wp\/v2\/pages\/4498","targetHints":{"allow":["GET"]}}],"collection":[{"href":"https:\/\/conferences.dataxis.com\/es\/wp-json\/wp\/v2\/pages"}],"about":[{"href":"https:\/\/conferences.dataxis.com\/es\/wp-json\/wp\/v2\/types\/page"}],"author":[{"embeddable":true,"href":"https:\/\/conferences.dataxis.com\/es\/wp-json\/wp\/v2\/users\/2"}],"replies":[{"embeddable":true,"href":"https:\/\/conferences.dataxis.com\/es\/wp-json\/wp\/v2\/comments?post=4498"}],"version-history":[{"count":3,"href":"https:\/\/conferences.dataxis.com\/es\/wp-json\/wp\/v2\/pages\/4498\/revisions"}],"predecessor-version":[{"id":4702,"href":"https:\/\/conferences.dataxis.com\/es\/wp-json\/wp\/v2\/pages\/4498\/revisions\/4702"}],"up":[{"embeddable":true,"href":"https:\/\/conferences.dataxis.com\/es\/wp-json\/wp\/v2\/pages\/3955"}],"wp:attachment":[{"href":"https:\/\/conferences.dataxis.com\/es\/wp-json\/wp\/v2\/media?parent=4498"}],"curies":[{"name":"wp","href":"https:\/\/api.w.org\/{rel}","templated":true}]}}